{"id":109,"date":"2022-09-13T11:01:19","date_gmt":"2022-09-13T09:01:19","guid":{"rendered":"http:\/\/www.sarabrenier.fr\/?page_id=109"},"modified":"2024-09-04T15:48:53","modified_gmt":"2024-09-04T13:48:53","slug":"sara-brenier","status":"publish","type":"page","link":"https:\/\/www.sarabrenier.fr\/?page_id=109","title":{"rendered":"SARA BRENIER"},"content":{"rendered":"\n<blockquote class=\"wp-block-quote is-layout-flow wp-block-quote-is-layout-flow\">\n<p><em>J\u2019aime dire \u00e0 mes enfants que je continue ma croissance mais \u00e0 l\u2019int\u00e9rieur, en faisant grandir ma conscience!<\/em><\/p>\n<\/blockquote>\n\n\n\n<p>Je m\u2019appelle <strong>Sara Brenier<\/strong>, praticienne de groupe en psychophonie ML Aucher\u00ae (certification par l\u2019<a href=\"https:\/\/www.ifrepmla.eu\/\" target=\"_blank\" rel=\"noreferrer noopener\">IFREP<\/a> MLA)\u00a0 percussionniste et chanteuse au sein du groupe \u201c<a href=\"https:\/\/www.youtube.com\/@trioSAZON\" target=\"_blank\" rel=\"noreferrer noopener\">Trio-Saz\u00f3n<\/a>\u201d.<\/p>\n\n\n\n<div style=\"height:50px\" aria-hidden=\"true\" class=\"wp-block-spacer\"><\/div>\n\n\n\n<ul class=\"wp-block-list\">\n<li><strong> \u00e0 l\u2019origine: \u201cle rythme dans la peau\u201d:<\/strong><\/li>\n<\/ul>\n\n\n\n<p>N\u00e9e d\u2019un p\u00e8re fran\u00e7ais et d\u2019une m\u00e8re chilienne, mes racines culturelles sont m\u00e9tiss\u00e9es. D\u00e8s mon plus jeune \u00e2ge je suis \u00ab\u00a0biberonn\u00e9e\u00a0\u00bb avec des musiques aussi vari\u00e9es que celles de Jacques Brel, Atahualpa Yupanqui, Edith Piaf ou Violetta Parra\u2026Ag\u00e9e de quelques mois, alors que je me dresse tout juste sur mes pattes arri\u00e8res, je plie gracieusement les genoux en rythme en \u00e9coutant les chansons de George Brassens. J&rsquo;ai d\u00e9j\u00e0 semble t-il, <em>\u00a0\u00bb le rythme dans la peau\u00a0\u00bb<\/em>. <\/p>\n\n\n\n<ul class=\"wp-block-list\">\n<li><strong>faire pousser les antennes:<\/strong><\/li>\n<\/ul>\n\n\n\n<p>Au cours de mon enfance, je participe  aux ateliers du GAM (\u00e0 Pau) dont la p\u00e9dagogie est bas\u00e9e sur l\u2019\u00e9coute, le jeu et la cr\u00e9ation collective. Ces ann\u00e9es de pratiques et d\u2019apprentissage permettent \u00e0 <em>\u00ab\u00a0mes antennes musicales\u00a0\u00bb <\/em>de croitre tout en sensibilit\u00e9.<\/p>\n\n\n\n<ul class=\"wp-block-list\">\n<li><strong>du rythme \u201cen-corps\u201d vers la percussion et la danse:<\/strong><\/li>\n<\/ul>\n\n\n\n<p>Adolescente, je rencontre le tambour djemb\u00e9. Cette peau vibrante  reste aujourd\u2019hui encore une fid\u00e8le compagne. Je me forme aupr\u00e8s de diff\u00e9rents professeurs, dans une approche rythmique universelle, bien que fortement li\u00e9e aux origines africaines de cet instrument traditionnel.&nbsp;<\/p>\n\n\n\n<p>De 2000 \u00e0 2008 j&rsquo;anime des ateliers de percussion aupr\u00e8s de diff\u00e9rents publics au sein de l\u2019association musicale \u201cdes fourmis dans les doigts\u201d bas\u00e9e \u00e0 Pau(64). Je prends conscience progressivement  de mon go\u00fbt de la transmission et de la p\u00e9dagogie.<\/p>\n\n\n\n<p>En 2009-2010, Je valide une licence professionnelle des m\u00e9tiers de la formation des jeunes et des adultes. Ce passage \u00e0 l\u2019universit\u00e9 de Pau me permet de poser des \u00e9l\u00e9ments th\u00e9oriques et analytiques sur plusieurs ann\u00e9es d&rsquo;exp\u00e9riences professionnelles. &nbsp;<\/p>\n\n\n\n<p>En 2013, je croise la route de Manu\u00e8le Bernard, alors \u00e9ducatrice et professeure de danse d\u2019expression primitive. Elle m\u2019invite \u00e0 accompagner ses cours de danse d\u2019inspiration africaine, ainsi que ces ateliers de danse d\u2019expression primitive.               Le jeu sur le tambour prend alors une nouvelle dimension et m\u2019inscrit dans une histoire universelle o\u00f9 la communaut\u00e9 humaine  tisse des liens par la danse , le rythme et le chant. <\/p>\n\n\n\n<p>Depuis 2015 je travaille en collaboration avec Nellie Saurel (th\u00e9rapeute et professeure de danse d&rsquo;expression primitive) et accompagne au tambour et \u00e0 la voix les ateliers et formations qu\u2019elle anime. J&rsquo;appr\u00e9hende les bases th\u00e9oriques des vertus th\u00e9rapeutiques du rythme par l\u2019approche anthropologique et psychanalytique de la danse d\u2019expression primitive.<\/p>\n\n\n\n<ul class=\"wp-block-list\">\n<li><strong>sur le chemin  \u00ab\u00a0la voix\u00a0\u00bb, se rencontrer soi:<\/strong><\/li>\n<\/ul>\n\n\n\n<p>En 2011, je suis enceinte de mon deuxi\u00e8me enfant, quand je rencontre pour la premi\u00e8re fois la Psychophonie au d\u00e9tour d\u2019un atelier de chant pr\u00e9natal, . Ces ateliers favoriseront un v\u00e9cu de grossesse harmonieux, un lien particulier avec le b\u00e9b\u00e9 que je porte ainsi qu&rsquo;un accouchement par voies naturelles guid\u00e9 par le son de ma voix dans une s\u00e9r\u00e9nit\u00e9 et une joie indescriptible. C&rsquo;est une r\u00e9v\u00e9lation!<\/p>\n\n\n\n<p>Puis l\u2019exp\u00e9rience  s\u2019inscrit dans le temps, en suivant d&rsquo;abord les trois degr\u00e8s de Psychophonie (2014 &#8211; 2015). Puis en me formant aux fonctions d\u2019animatrice en Psychophonie ML Aucher\u00ae (2017 &#8211; 2020).&nbsp;<\/p>\n\n\n\n<p>La Psychophonie, me fait v\u00e9ritablement me rencontrer, me d\u00e9couvrir dans de nouveaux espaces int\u00e9rieurs et \u00e9prouver par l\u2019affinement des sens, l\u2019instrument vibrant que je suis (et que nous sommes tous!).<\/p>\n\n\n\n<p>Pendant le parcours de la formation d\u2019animatrice, j\u2019aime dire \u00e0 mes enfants que je continue ma croissance mais \u00e0 l\u2019int\u00e9rieur, en faisant grandir ma conscience!<\/p>\n\n\n\n<p>En 2018, je fonde le groupe \u201cLamicromusica\u201d et explore un r\u00e9pertoire de chansons latino-am\u00e9ricaines, renouant ainsi avec mes origines chiliennes.Depuis le printemps 2024, la formation <a href=\"https:\/\/www.facebook.com\/profile.php?id=61557112230291&amp;sk=friends_likes&amp;notif_id=1718218654034851&amp;notif_t=fan_profile_v2&amp;ref=notif\">\u00ab\u00a0Trio-Saz\u00f3n\u00a0\u00bb<\/a> a pris le relais de \u00ab\u00a0la micro\u00a0\u00bb. C\u2019est un plaisir de partager cette musique pleine de couleurs et d\u2019\u00e9motions.<\/p>\n\n\n\n<ul class=\"wp-block-list\">\n<li><strong>apprendre et exp\u00e9rimenter, toujours et \u201cen-corps\u201d:<\/strong><\/li>\n<\/ul>\n\n\n\n<p>Aujourd\u2019hui, j\u2019ai beaucoup de joie \u00e0 transmettre ces outils merveilleux qui permettent \u00e0 chacun de d\u00e9couvrir son instrument vocal, en nourrissant le lien \u00e0 soi et au monde, avec plaisir et bienveillance.<\/p>\n\n\n\n<p>Je suis actuellement engag\u00e9e dans la formation de praticienne en Psychophonie ML Aucher\u00ae&nbsp;avec L&rsquo;IFREP MLA, afin d\u2019affiner  l\u2019accompagnement vocal individuel. Et l\u2019aventure continue&#8230;\u00a0\u00bben-corps\u00a0\u00bb!<\/p>\n","protected":false},"excerpt":{"rendered":"<p>J\u2019aime dire \u00e0 mes enfants que je continue ma croissance mais \u00e0 l\u2019int\u00e9rieur, en faisant grandir ma conscience! Je m\u2019appelle Sara Brenier, praticienne de groupe en psychophonie ML Aucher\u00ae (certification par l\u2019IFREP MLA)\u00a0 percussionniste et chanteuse au sein du groupe \u201cTrio-Saz\u00f3n\u201d. N\u00e9e d\u2019un p\u00e8re fran\u00e7ais et d\u2019une m\u00e8re chilienne, mes racines culturelles sont m\u00e9tiss\u00e9es. D\u00e8s &hellip; <\/p>\n<p class=\"link-more\"><a href=\"https:\/\/www.sarabrenier.fr\/?page_id=109\" class=\"more-link\">Continuer la lecture <span class=\"screen-reader-text\"> \u00ab\u00a0SARA BRENIER\u00a0\u00bb<\/span><\/a><\/p>\n","protected":false},"author":2,"featured_media":48,"parent":0,"menu_order":0,"comment_status":"closed","ping_status":"closed","template":"","meta":{"footnotes":""},"class_list":["post-109","page","type-page","status-publish","has-post-thumbnail","hentry","entry"],"_links":{"self":[{"href":"https:\/\/www.sarabrenier.fr\/index.php?rest_route=\/wp\/v2\/pages\/109","targetHints":{"allow":["GET"]}}],"collection":[{"href":"https:\/\/www.sarabrenier.fr\/index.php?rest_route=\/wp\/v2\/pages"}],"about":[{"href":"https:\/\/www.sarabrenier.fr\/index.php?rest_route=\/wp\/v2\/types\/page"}],"author":[{"embeddable":true,"href":"https:\/\/www.sarabrenier.fr\/index.php?rest_route=\/wp\/v2\/users\/2"}],"replies":[{"embeddable":true,"href":"https:\/\/www.sarabrenier.fr\/index.php?rest_route=%2Fwp%2Fv2%2Fcomments&post=109"}],"version-history":[{"count":10,"href":"https:\/\/www.sarabrenier.fr\/index.php?rest_route=\/wp\/v2\/pages\/109\/revisions"}],"predecessor-version":[{"id":287,"href":"https:\/\/www.sarabrenier.fr\/index.php?rest_route=\/wp\/v2\/pages\/109\/revisions\/287"}],"wp:featuredmedia":[{"embeddable":true,"href":"https:\/\/www.sarabrenier.fr\/index.php?rest_route=\/wp\/v2\/media\/48"}],"wp:attachment":[{"href":"https:\/\/www.sarabrenier.fr\/index.php?rest_route=%2Fwp%2Fv2%2Fmedia&parent=109"}],"curies":[{"name":"wp","href":"https:\/\/api.w.org\/{rel}","templated":true}]}}