{"id":2,"date":"2022-08-26T09:49:24","date_gmt":"2022-08-26T07:49:24","guid":{"rendered":"http:\/\/www.sarabrenier.fr\/?page_id=2"},"modified":"2026-02-03T11:32:45","modified_gmt":"2026-02-03T10:32:45","slug":"page-d-exemple","status":"publish","type":"page","link":"https:\/\/www.sarabrenier.fr\/","title":{"rendered":"Accueil"},"content":{"rendered":"\n<h2 class=\"wp-block-heading has-huge-font-size\" style=\"text-transform:capitalize\">Bienvenue!<\/h2>\n\n\n\n<p>Bienvenue sur la page d\u00e9di\u00e9e \u00e0 mon activit\u00e9 musicale. <\/p>\n\n\n\n<p>Je m&rsquo;appelle Sara Brenier. Je suis chanteuse, percussionniste et exerce comme praticienne en psychophonie ML Aucher.<\/p>\n\n\n\n<p>Vous trouverez dans les diff\u00e9rents onglets les informations sur les ateliers, cours et stages que je propose et anime, ainsi que des informations sur mes projets musicaux en cours. <a href=\"https:\/\/www.youtube.com\/watch?v=1NtL5Gt41dI\">Mama Quilla<\/a> et <a href=\"https:\/\/www.youtube.com\/@trioSAZON\">Trio-Saz\u00f3n<\/a>. Je vous souhaite une bonne visite!<\/p>\n\n\n\n<p><\/p>\n\n\n\n<figure class=\"wp-block-image size-large wp-duotone-unset-1\"><img loading=\"lazy\" decoding=\"async\" width=\"682\" height=\"1024\" src=\"http:\/\/www.sarabrenier.fr\/wp-content\/uploads\/2023\/05\/IMG_0277-1-682x1024.jpg\" alt=\"\" class=\"wp-image-172\" srcset=\"https:\/\/www.sarabrenier.fr\/wp-content\/uploads\/2023\/05\/IMG_0277-1-682x1024.jpg 682w, https:\/\/www.sarabrenier.fr\/wp-content\/uploads\/2023\/05\/IMG_0277-1-200x300.jpg 200w, https:\/\/www.sarabrenier.fr\/wp-content\/uploads\/2023\/05\/IMG_0277-1-768x1153.jpg 768w, https:\/\/www.sarabrenier.fr\/wp-content\/uploads\/2023\/05\/IMG_0277-1-1023x1536.jpg 1023w, https:\/\/www.sarabrenier.fr\/wp-content\/uploads\/2023\/05\/IMG_0277-1-1364x2048.jpg 1364w, https:\/\/www.sarabrenier.fr\/wp-content\/uploads\/2023\/05\/IMG_0277-1-1568x2355.jpg 1568w, https:\/\/www.sarabrenier.fr\/wp-content\/uploads\/2023\/05\/IMG_0277-1-scaled.jpg 1704w\" sizes=\"auto, (max-width: 682px) 100vw, 682px\" \/><\/figure>\n\n\n\n<p><\/p>\n\n\n\n<h2 class=\"wp-block-heading has-large-font-size\"><strong>actualit\u00e9s &#8211;<\/strong>stage 21-22mars 2026 \u00ab\u00a0le corps (re)source de vie\u00a0\u00bb danse-rythme-corps-voix&#8230;<\/h2>\n\n\n\n<p><\/p>\n\n\n\n<p><strong> rentr\u00e9e 2025-2026:<\/strong><\/p>\n\n\n\n<p>C&rsquo;est la rentr\u00e9e et la reprise de diff\u00e9rents ateliers collectifs ou s\u00e9ances individuelles de chant.<\/p>\n\n\n\n<p>pour plus de renseignements, n&rsquo;h\u00e9sitez pas \u00e0 me <a href=\"https:\/\/www.facebook.com\/SaraBrenierMusique?locale=fr_FR\">contacter directement<\/a>.<\/p>\n\n\n\n<div class=\"wp-block-columns is-layout-flex wp-container-core-columns-is-layout-9d6595d7 wp-block-columns-is-layout-flex\">\n<div class=\"wp-block-column is-layout-flow wp-block-column-is-layout-flow\" style=\"flex-basis:100%\">\n<figure class=\"wp-block-gallery has-nested-images columns-default is-cropped wp-block-gallery-2 is-layout-flex wp-block-gallery-is-layout-flex\">\n<figure class=\"wp-block-image size-large\"><img loading=\"lazy\" decoding=\"async\" width=\"724\" height=\"1024\" data-id=\"311\" src=\"https:\/\/www.sarabrenier.fr\/wp-content\/uploads\/2025\/09\/Atelier-Chant-Psychophonie-724x1024.png\" alt=\"\" class=\"wp-image-311\" srcset=\"https:\/\/www.sarabrenier.fr\/wp-content\/uploads\/2025\/09\/Atelier-Chant-Psychophonie-724x1024.png 724w, https:\/\/www.sarabrenier.fr\/wp-content\/uploads\/2025\/09\/Atelier-Chant-Psychophonie-212x300.png 212w, https:\/\/www.sarabrenier.fr\/wp-content\/uploads\/2025\/09\/Atelier-Chant-Psychophonie-768x1086.png 768w, https:\/\/www.sarabrenier.fr\/wp-content\/uploads\/2025\/09\/Atelier-Chant-Psychophonie-1086x1536.png 1086w, https:\/\/www.sarabrenier.fr\/wp-content\/uploads\/2025\/09\/Atelier-Chant-Psychophonie.png 1414w\" sizes=\"auto, (max-width: 724px) 100vw, 724px\" \/><\/figure>\n<\/figure>\n<\/div>\n<\/div>\n\n\n\n<figure class=\"wp-block-image alignfull size-large\"><img loading=\"lazy\" decoding=\"async\" width=\"1024\" height=\"681\" src=\"http:\/\/www.sarabrenier.fr\/wp-content\/uploads\/2022\/09\/sarabrenier_psychophonie_atelier_005-1024x681.jpg\" alt=\"\" class=\"wp-image-32\" srcset=\"https:\/\/www.sarabrenier.fr\/wp-content\/uploads\/2022\/09\/sarabrenier_psychophonie_atelier_005-1024x681.jpg 1024w, https:\/\/www.sarabrenier.fr\/wp-content\/uploads\/2022\/09\/sarabrenier_psychophonie_atelier_005-300x200.jpg 300w, https:\/\/www.sarabrenier.fr\/wp-content\/uploads\/2022\/09\/sarabrenier_psychophonie_atelier_005-768x511.jpg 768w, https:\/\/www.sarabrenier.fr\/wp-content\/uploads\/2022\/09\/sarabrenier_psychophonie_atelier_005-1536x1022.jpg 1536w, https:\/\/www.sarabrenier.fr\/wp-content\/uploads\/2022\/09\/sarabrenier_psychophonie_atelier_005-2048x1363.jpg 2048w, https:\/\/www.sarabrenier.fr\/wp-content\/uploads\/2022\/09\/sarabrenier_psychophonie_atelier_005-1568x1043.jpg 1568w\" sizes=\"auto, (max-width: 1024px) 100vw, 1024px\" \/><\/figure>\n\n\n\n<div style=\"height:38px\" aria-hidden=\"true\" class=\"wp-block-spacer\"><\/div>\n\n\n\n<h2 class=\"wp-block-heading\"><a href=\"http:\/\/www.sarabrenier.fr\/?page_id=18\" data-type=\"page\" data-id=\"18\">STAGES<\/a> <\/h2>\n\n\n\n<h2 class=\"wp-block-heading\"><strong><em><mark style=\"background-color:#767676\" class=\"has-inline-color has-white-color\">Le corps (re)source de vie <\/mark><\/em><\/strong><\/h2>\n\n\n\n<figure class=\"wp-block-image size-large\"><img loading=\"lazy\" decoding=\"async\" width=\"724\" height=\"1024\" src=\"https:\/\/www.sarabrenier.fr\/wp-content\/uploads\/2026\/02\/1-724x1024.png\" alt=\"\" class=\"wp-image-335\" srcset=\"https:\/\/www.sarabrenier.fr\/wp-content\/uploads\/2026\/02\/1-724x1024.png 724w, https:\/\/www.sarabrenier.fr\/wp-content\/uploads\/2026\/02\/1-212x300.png 212w, https:\/\/www.sarabrenier.fr\/wp-content\/uploads\/2026\/02\/1-768x1086.png 768w, https:\/\/www.sarabrenier.fr\/wp-content\/uploads\/2026\/02\/1-1086x1536.png 1086w, https:\/\/www.sarabrenier.fr\/wp-content\/uploads\/2026\/02\/1.png 1414w\" sizes=\"auto, (max-width: 724px) 100vw, 724px\" \/><\/figure>\n\n\n\n<blockquote class=\"wp-block-quote has-small-font-size is-layout-flow wp-block-quote-is-layout-flow\">\n<p class=\"has-large-font-size\"><em>\u00ab&nbsp; Entreprendre un voyage sensible vers soi, dans la relation \u00e0 l\u2019autre, r\u00e9veiller la pulsion de vie, mobiliser ses ressources&nbsp;\u00bb<\/em><\/p>\n<\/blockquote>\n\n\n\n<h2 class=\"wp-block-heading\"><strong><em><mark style=\"background-color:#767676\" class=\"has-inline-color has-white-color\">Le chant de la terre<\/mark><\/em><\/strong><\/h2>\n\n\n\n<p>Stage en r\u00e9sidence, sur l&rsquo;exploration des pratiques de la psychophonie en lien avec le modelage de l&rsquo;argile. Stage co-anim\u00e9 par Sara Brenier (animatrice en psychophonie ML Aucher chanteuse et percussionniste) &amp; Graziella Girlando (art-th\u00e9rapeute, artiste et conteuse).<\/p>\n\n\n\n<blockquote class=\"wp-block-quote is-layout-flow wp-block-quote-is-layout-flow\">\n<p class=\"has-text-align-center has-large-font-size\"><em>\u00ab Une invitation \u00e0 cheminer au c\u0153ur de soi par la voie du toucher et par la voix des sons, pour un r\u00e9-enchantement dans notre c\u0153ur et notre corps.\u00bb<\/em><\/p>\n<\/blockquote>\n\n\n\n<div style=\"height:41px\" aria-hidden=\"true\" class=\"wp-block-spacer\"><\/div>\n\n\n\n<h2 class=\"wp-block-heading\"><a href=\"http:\/\/www.sarabrenier.fr\/?page_id=21\" data-type=\"page\" data-id=\"21\">ATELIERS<\/a><\/h2>\n\n\n\n<h2 class=\"wp-block-heading\"><strong><em><mark style=\"background-color:#767676\" class=\"has-inline-color has-white-color\">Chant pr\u00e9natal<\/mark><\/em><\/strong><\/h2>\n\n\n\n<p><strong>Bien \u00eatre global de la future m\u00e8re \u00e0 travers le chant dans la conscience corporelle<\/strong>. Apprivoiser les transformations de son corps en favorisant les points d\u2019appuis, la mobilit\u00e9 du bassin et la d\u00e9tente avec une bonne respiration.&nbsp;<\/p>\n\n\n\n<h2 class=\"wp-block-heading\"><strong><em><mark style=\"background-color:#767676\" class=\"has-inline-color has-white-color\">Chant familial<\/mark><\/em><\/strong><\/h2>\n\n\n\n<p>Nourrir la relation avec son enfant, lui offrir un \u00ab&nbsp;cocon&nbsp;\u00bb sonore pour lui permettre de grandir et de s\u2019\u00e9panouir dans un cadre joyeux et rassurant.<\/p>\n\n\n\n<h2 class=\"wp-block-heading\"><mark style=\"background-color:#767676\" class=\"has-inline-color has-white-color\"><strong><em>Chant adulte-psychophonie<\/em><\/strong><\/mark><\/h2>\n\n\n\n<p><strong>&nbsp;Notre corps est notre instrument de musique. Le corps entier est impliqu\u00e9 pour chanter !&nbsp;\u00bb<\/strong>. D\u00e9couvrir sa voix, et son corps instrument par le d\u00e9veloppement progressif de la conscience des sensations corporelles.<\/p>\n\n\n\n<div class=\"wp-block-columns is-layout-flex wp-container-core-columns-is-layout-9d6595d7 wp-block-columns-is-layout-flex\">\n<div class=\"wp-block-column is-layout-flow wp-block-column-is-layout-flow\"><\/div>\n<\/div>\n\n\n\n<div class=\"wp-block-group alignfull has-secondary-background-color has-background\"><div class=\"wp-block-group__inner-container is-layout-constrained wp-block-group-is-layout-constrained\">\n<h2 class=\"wp-block-heading\">CONTACT<\/h2>\n\n\n<style id=\"wpforms-css-vars-291\">\n\t\t\t\t#wpforms-291 {\n\t\t\t\t--wpforms-container-padding: 0px;\n--wpforms-container-border-width: 1px;\n--wpforms-container-border-radius: 3px;\n--wpforms-background-color: rgba(0, 0, 0, 0);\n--wpforms-field-size-input-height: 43px;\n--wpforms-field-size-input-spacing: 15px;\n--wpforms-field-size-font-size: 16px;\n--wpforms-field-size-line-height: 19px;\n--wpforms-field-size-padding-h: 14px;\n--wpforms-field-size-checkbox-size: 16px;\n--wpforms-field-size-sublabel-spacing: 5px;\n--wpforms-field-size-icon-size: 1;\n--wpforms-label-size-font-size: 16px;\n--wpforms-label-size-line-height: 19px;\n--wpforms-label-size-sublabel-font-size: 14px;\n--wpforms-label-size-sublabel-line-height: 17px;\n--wpforms-button-size-font-size: 17px;\n--wpforms-button-size-height: 41px;\n--wpforms-button-size-padding-h: 15px;\n--wpforms-button-size-margin-top: 10px;\n--wpforms-container-shadow-size-box-shadow: none;\n\n\t\t\t}\n\t\t\t<\/style><div class=\"wpforms-container wpforms-container-full wpforms-render-modern\" id=\"wpforms-291\"><form id=\"wpforms-form-291\" class=\"wpforms-validate wpforms-form wpforms-ajax-form\" data-formid=\"291\" method=\"post\" enctype=\"multipart\/form-data\" action=\"\/index.php?rest_route=%2Fwp%2Fv2%2Fpages%2F2\" data-token=\"405e3ce1492c1d52d10d94beb949c5a8\" data-token-time=\"1777381460\"><noscript class=\"wpforms-error-noscript\">Veuillez activer JavaScript dans votre navigateur pour remplir ce formulaire.<\/noscript><div id=\"wpforms-error-noscript\" style=\"display: none;\">Veuillez activer JavaScript dans votre navigateur pour remplir ce formulaire.<\/div><div class=\"wpforms-field-container\"><div id=\"wpforms-291-field_1-container\" class=\"wpforms-field wpforms-field-name\" data-field-id=\"1\"><fieldset><legend class=\"wpforms-field-label\">Nom <span class=\"wpforms-required-label\" aria-hidden=\"true\">*<\/span><\/legend><div class=\"wpforms-field-row wpforms-field-medium\"><div class=\"wpforms-field-row-block wpforms-first wpforms-one-half\"><input type=\"text\" id=\"wpforms-291-field_1\" class=\"wpforms-field-name-first wpforms-field-required\" name=\"wpforms[fields][1][first]\" aria-errormessage=\"wpforms-291-field_1-error\" required><label for=\"wpforms-291-field_1\" class=\"wpforms-field-sublabel after\">Pr\u00e9nom<\/label><\/div><div class=\"wpforms-field-row-block wpforms-one-half\"><input type=\"text\" id=\"wpforms-291-field_1-last\" class=\"wpforms-field-name-last wpforms-field-required\" name=\"wpforms[fields][1][last]\" aria-errormessage=\"wpforms-291-field_1-last-error\" required><label for=\"wpforms-291-field_1-last\" class=\"wpforms-field-sublabel after\">Nom<\/label><\/div><\/div><\/fieldset><\/div>\t\t<div id=\"wpforms-291-field_4-container\"\n\t\t\tclass=\"wpforms-field wpforms-field-text\"\n\t\t\tdata-field-type=\"text\"\n\t\t\tdata-field-id=\"4\"\n\t\t\t>\n\t\t\t<label class=\"wpforms-field-label\" for=\"wpforms-291-field_4\" >E-mail Commentaire ou<\/label>\n\t\t\t<input type=\"text\" id=\"wpforms-291-field_4\" class=\"wpforms-field-medium\" name=\"wpforms[fields][4]\" >\n\t\t<\/div>\n\t\t<div id=\"wpforms-291-field_2-container\" class=\"wpforms-field wpforms-field-email\" data-field-id=\"2\"><label class=\"wpforms-field-label\" for=\"wpforms-291-field_2\">E-mail <span class=\"wpforms-required-label\" aria-hidden=\"true\">*<\/span><\/label><input type=\"email\" id=\"wpforms-291-field_2\" class=\"wpforms-field-medium wpforms-field-required\" name=\"wpforms[fields][2]\" spellcheck=\"false\" aria-errormessage=\"wpforms-291-field_2-error\" required><\/div><div id=\"wpforms-291-field_3-container\" class=\"wpforms-field wpforms-field-textarea\" data-field-id=\"3\"><label class=\"wpforms-field-label\" for=\"wpforms-291-field_3\">Commentaire ou message<\/label><textarea id=\"wpforms-291-field_3\" class=\"wpforms-field-medium\" name=\"wpforms[fields][3]\" aria-errormessage=\"wpforms-291-field_3-error\" ><\/textarea><\/div><script>\n\t\t\t\t( function() {\n\t\t\t\t\tconst style = document.createElement( 'style' );\n\t\t\t\t\tstyle.appendChild( document.createTextNode( '#wpforms-291-field_4-container { position: absolute !important; overflow: hidden !important; display: inline !important; height: 1px !important; width: 1px !important; z-index: -1000 !important; padding: 0 !important; } #wpforms-291-field_4-container input { visibility: hidden; } #wpforms-conversational-form-page #wpforms-291-field_4-container label { counter-increment: none; }' ) );\n\t\t\t\t\tdocument.head.appendChild( style );\n\t\t\t\t\tdocument.currentScript?.remove();\n\t\t\t\t} )();\n\t\t\t<\/script><\/div><!-- .wpforms-field-container --><div class=\"wpforms-recaptcha-container wpforms-is-recaptcha wpforms-is-recaptcha-type-v3\" ><input type=\"hidden\" name=\"wpforms[recaptcha]\" value=\"\"><\/div><div class=\"wpforms-submit-container\" ><input type=\"hidden\" name=\"wpforms[id]\" value=\"291\"><input type=\"hidden\" name=\"page_title\" value=\"\"><input type=\"hidden\" name=\"page_url\" value=\"https:\/\/www.sarabrenier.fr\/index.php?rest_route=\/wp\/v2\/pages\/2\"><input type=\"hidden\" name=\"url_referer\" value=\"\"><button type=\"submit\" name=\"wpforms[submit]\" id=\"wpforms-submit-291\" class=\"wpforms-submit\" data-alt-text=\"Envoi...\" data-submit-text=\"Envoyer\" aria-live=\"assertive\" value=\"wpforms-submit\">Envoyer<\/button><img loading=\"lazy\" decoding=\"async\" src=\"https:\/\/www.sarabrenier.fr\/wp-content\/plugins\/wpforms-lite\/assets\/images\/submit-spin.svg\" class=\"wpforms-submit-spinner\" style=\"display: none;\" width=\"26\" height=\"26\" alt=\"Chargement en cours\"><\/div><\/form><\/div>  <!-- .wpforms-container -->\n<\/div><\/div>\n\n\n\n<p><\/p>\n","protected":false},"excerpt":{"rendered":"<p>Bienvenue! Bienvenue sur la page d\u00e9di\u00e9e \u00e0 mon activit\u00e9 musicale. Je m&rsquo;appelle Sara Brenier. Je suis chanteuse, percussionniste et exerce comme praticienne en psychophonie ML Aucher. Vous trouverez dans les diff\u00e9rents onglets les informations sur les ateliers, cours et stages que je propose et anime, ainsi que des informations sur mes projets musicaux en cours. &hellip; <\/p>\n<p class=\"link-more\"><a href=\"https:\/\/www.sarabrenier.fr\/\" class=\"more-link\">Continuer la lecture <span class=\"screen-reader-text\"> \u00ab\u00a0Accueil\u00a0\u00bb<\/span><\/a><\/p>\n","protected":false},"author":2,"featured_media":145,"parent":0,"menu_order":0,"comment_status":"closed","ping_status":"closed","template":"","meta":{"footnotes":""},"class_list":["post-2","page","type-page","status-publish","has-post-thumbnail","hentry","entry"],"_links":{"self":[{"href":"https:\/\/www.sarabrenier.fr\/index.php?rest_route=\/wp\/v2\/pages\/2","targetHints":{"allow":["GET"]}}],"collection":[{"href":"https:\/\/www.sarabrenier.fr\/index.php?rest_route=\/wp\/v2\/pages"}],"about":[{"href":"https:\/\/www.sarabrenier.fr\/index.php?rest_route=\/wp\/v2\/types\/page"}],"author":[{"embeddable":true,"href":"https:\/\/www.sarabrenier.fr\/index.php?rest_route=\/wp\/v2\/users\/2"}],"replies":[{"embeddable":true,"href":"https:\/\/www.sarabrenier.fr\/index.php?rest_route=%2Fwp%2Fv2%2Fcomments&post=2"}],"version-history":[{"count":45,"href":"https:\/\/www.sarabrenier.fr\/index.php?rest_route=\/wp\/v2\/pages\/2\/revisions"}],"predecessor-version":[{"id":342,"href":"https:\/\/www.sarabrenier.fr\/index.php?rest_route=\/wp\/v2\/pages\/2\/revisions\/342"}],"wp:featuredmedia":[{"embeddable":true,"href":"https:\/\/www.sarabrenier.fr\/index.php?rest_route=\/wp\/v2\/media\/145"}],"wp:attachment":[{"href":"https:\/\/www.sarabrenier.fr\/index.php?rest_route=%2Fwp%2Fv2%2Fmedia&parent=2"}],"curies":[{"name":"wp","href":"https:\/\/api.w.org\/{rel}","templated":true}]}}