{"id":21,"date":"2022-09-05T18:06:10","date_gmt":"2022-09-05T16:06:10","guid":{"rendered":"http:\/\/www.sarabrenier.fr\/?page_id=21"},"modified":"2023-08-23T15:51:48","modified_gmt":"2023-08-23T13:51:48","slug":"ateliers-chant-psychophonie","status":"publish","type":"page","link":"https:\/\/www.sarabrenier.fr\/?page_id=21","title":{"rendered":"ATELIERS"},"content":{"rendered":"<p>Le travail vocal que je propose prend diff\u00e9rentes formes: Ateliers collectifs, s\u00e9ances d&rsquo;accompagnement individuel, chant pr\u00e9natal (et postnatal), chant familial&#8230;autant de propositions qui mettent en jeu la richesse des outils de la Psychophonie.<\/p>\n\n\n<h2 class=\"wp-block-heading\"><mark style=\"background-color:#767676\" class=\"has-inline-color has-white-color\">Chant adulte &#8211; collectif<\/mark><\/h2>\n\n\n\n<p><strong>\u00ab&nbsp;Notre corps est notre instrument vocal. Le corps entier est impliqu\u00e9 pour chanter !&nbsp;\u00bb<\/strong><\/p>\n\n\n\n<p>objectifs des ateliers&nbsp;:<\/p>\n\n\n\n<ul class=\"wp-block-list\">\n<li><strong>d\u00e9couvrir sa voix, et son corps instrument<\/strong> par le d\u00e9veloppement progressif de la conscience des sensations corporelles.(r\u00e9ception-\u00e9mission)<\/li>\n\n\n\n<li><strong>travail respiratoire<\/strong> pour lib\u00e9rer le souffle et en am\u00e9liorer la gestion, donner de l\u2019expression \u00e0 la voix chant\u00e9e et parl\u00e9e.<\/li>\n\n\n\n<li><strong>travail rythmique et corporel<\/strong> pour favoriser l&rsquo;ancrage, la compr\u00e9hension de la musique, d\u00e9velopper sa musicalit\u00e9 et son \u00ab\u00a0groove\u00a0\u00bb.<\/li>\n\n\n\n<li><strong>contacter le plaisir de chanter en groupe <\/strong>sur un r\u00e9pertoire vari\u00e9 et accessible (chants du monde, chanson fran\u00e7aise, canons, polyphonies\u2026)<\/li>\n<\/ul>\n\n\n\n<figure class=\"wp-block-gallery has-nested-images columns-default is-cropped wp-block-gallery-1 is-layout-flex wp-block-gallery-is-layout-flex\">\n<figure class=\"wp-block-image size-large\"><img loading=\"lazy\" decoding=\"async\" width=\"1024\" height=\"576\" data-id=\"204\" src=\"http:\/\/www.sarabrenier.fr\/wp-content\/uploads\/2023\/05\/chapelle1-edited-1024x576.jpg\" alt=\"\" class=\"wp-image-204\" srcset=\"https:\/\/www.sarabrenier.fr\/wp-content\/uploads\/2023\/05\/chapelle1-edited-1024x576.jpg 1024w, https:\/\/www.sarabrenier.fr\/wp-content\/uploads\/2023\/05\/chapelle1-edited-300x169.jpg 300w, https:\/\/www.sarabrenier.fr\/wp-content\/uploads\/2023\/05\/chapelle1-edited-768x432.jpg 768w, https:\/\/www.sarabrenier.fr\/wp-content\/uploads\/2023\/05\/chapelle1-edited-1536x864.jpg 1536w, https:\/\/www.sarabrenier.fr\/wp-content\/uploads\/2023\/05\/chapelle1-edited-2048x1152.jpg 2048w, https:\/\/www.sarabrenier.fr\/wp-content\/uploads\/2023\/05\/chapelle1-edited-1568x882.jpg 1568w\" sizes=\"auto, (max-width: 1024px) 100vw, 1024px\" \/><\/figure>\n<\/figure>\n\n\n\n<div style=\"height:17px\" aria-hidden=\"true\" class=\"wp-block-spacer\"><\/div>\n\n\n\n<figure class=\"wp-block-table\" style=\"font-size:14px\"><table><tbody><tr><td>Oloron  (1h15)<br>(asso Sons et Silences)<\/td><td>Tous les mardis de 19h \u00e0 20h15 (hors vacances scolaires)<\/td><td>330 \u20ac\/ann\u00e9e  +10 \u20ac adh\u00e9sion<br>rentr\u00e9e: mardi 19 septembre<\/td><\/tr><tr><td>Ogeu\u00a0   (1H15)                     maison des associations<\/td><td>Tous les lundis de 18h45 \u00e0 20h (hors vacances scolaires)<\/td><td> 230 \u20ac\/ann\u00e9e + 10 \u20ac d\u2019adh\u00e9sion       rentr\u00e9e: lundi 11 septembre   <\/td><\/tr><tr><td>Monein (1h30)                            au moulin bouge<\/td><td>Mercredi 14h30-16h&nbsp; (tous les 15 jours, semaines paires)<\/td><td>204 \u20ac\/ann\u00e9e <\/td><\/tr><tr><td>Bill\u00e8re (1h30)                        habitat participatif \u00ab\u00a0D\u00f4man\u00a0\u00bb<\/td><td>Jeudi 14h30-16h (tous les 15 jours, semaines paires)<\/td><td>204 \u20ac \/ann\u00e9e<\/td><\/tr><\/tbody><\/table><\/figure>\n\n\n\n<h2 class=\"wp-block-heading\"><mark style=\"background-color:#767676\" class=\"has-inline-color has-white-color\">Accompagnement vocal individuel<\/mark><\/h2>\n\n\n\n<p>L&rsquo;accompagnement vocal individuel s&rsquo;adapte aux besoins de chacun. Les s\u00e9ances individuelles ont une dur\u00e9e de 1h. Elles peuvent convenir aux personnes ayant l&rsquo;envie de travailler leur voix parl\u00e9e ou chant\u00e9e, de gagner en confiance dans leur expression vocale, d&rsquo;am\u00e9liorer la pose de voix, la diction, la musicalit\u00e9 ou l&rsquo;expressivit\u00e9 de leur voix. Et ce que l&rsquo;on soit chanteur ou orateur confirm\u00e9 ou bien compl\u00e8tement d\u00e9butant.  Il n&rsquo;y a d&rsquo;ailleurs aucune personnes qui \u00ab\u00a0chantent faux\u00a0\u00bb, il n&rsquo;y a que \u00ab\u00a0des instruments \u00e0 r\u00e9-accorder\u00a0\u00bb. Rencontrer sa voix, c&rsquo;est aussi se rencontrer soi!<\/p>\n\n\n\n<figure class=\"wp-block-table\"><table><tbody><tr><td>S\u00e9ances individuelles de chant                 (hors des vacances scolaires)<br>30min\/semaine ou 1h\/15jours<\/td><td>association \u00ab\u00a0Sons et Silence\u00a0\u00bb \u00e0 Oloron St Marie<br>486\u20ac\/an +10\u20ac adh\u00e9sion                                                   <\/td><\/tr><tr><td>s\u00e9ances individuelles 1h<\/td><td>30\u20ac\/h \u00e0 Lasseube ou Bill\u00e8re (me contacter directement)<\/td><\/tr><\/tbody><\/table><\/figure>\n\n\n\n<h2 class=\"wp-block-heading\"><mark style=\"background-color:#767676\" class=\"has-inline-color has-white-color\">Chant pr\u00e9natal<\/mark><\/h2>\n\n\n\n<p><strong><em>\u00ab&nbsp;La grossesse est un moment privil\u00e9gi\u00e9 pour chanter et prendre soin de soi&nbsp;\u00bb<\/em><\/strong><\/p>\n\n\n\n<p class=\"has-normal-font-size\"><strong>Le chant pr\u00e9natal en Psychophonie ML Aucher, est un outil d&rsquo;une grande profondeur, qui donne une force et une confiance \u00e0 la future maman et lui permet de nourrir le lien avec l&rsquo;enfant qui grandit en elle.<\/strong><\/p>\n\n\n\n<ul class=\"wp-block-list\">\n<li><strong>Bien \u00eatre global \u00e0 travers le chant dans la conscience corporelle<\/strong>. Apprivoiser les transformations de son corps en favorisant les points d\u2019appuis, la mobilit\u00e9 du bassin et la d\u00e9tente avec une bonne respiration.&nbsp;<\/li>\n<\/ul>\n\n\n\n<p>\u2022 <strong>Cr\u00e9er une relation avec l\u2019enfant \u00e0 na\u00eetre.<\/strong> D\u00e9velopper un lien avec son b\u00e9b\u00e9 qui per\u00e7oit les vibrations de la voix (maternelle et paternelle) et entend les messages qu\u2019on lui adresse.&nbsp;<\/p>\n\n\n\n<p>\u2022 <strong>Accompagnement \u00e0 l\u2019accouchement: <\/strong>Le chant pr\u00e9natal est un compl\u00e9ment \u00e0 la pr\u00e9paration \u00e0 l\u2019accouchement pratiqu\u00e9e par les sages-femmes. Le chant aide \u00e0 localiser et \u00e0 d\u00e9tendre des muscles qui entrent en jeu au moment du travail. Le chant par la recherche de sons graves accompagne les contractions et am\u00e8ne d\u00e9tente et oxyg\u00e9nation.&nbsp;<\/p>\n\n\n\n<p>\u2022 <strong>Continuer avec b\u00e9b\u00e9:<\/strong> Une fois l\u2019enfant n\u00e9, la voix sera comme un cordon ombilical rassurant. Chanter permet de nourrir ce lien d\u00e9j\u00e0 cr\u00e9\u00e9, avec un r\u00e9pertoire adapt\u00e9 (comptines, berceuses). Le chant par l\u2019approche de la psychophonie aide \u00e9galement \u00e0 retrouver son corps et \u00e0 le tonifier.<\/p>\n\n\n\n<div style=\"height:20px\" aria-hidden=\"true\" class=\"wp-block-spacer\"><\/div>\n\n\n\n<figure class=\"wp-block-image size-large\"><img loading=\"lazy\" decoding=\"async\" width=\"1024\" height=\"682\" src=\"http:\/\/www.sarabrenier.fr\/wp-content\/uploads\/2022\/09\/sarabrenier_psychophonie_prenatle_009-1024x682.jpg\" alt=\"\" class=\"wp-image-98\" srcset=\"https:\/\/www.sarabrenier.fr\/wp-content\/uploads\/2022\/09\/sarabrenier_psychophonie_prenatle_009-1024x682.jpg 1024w, https:\/\/www.sarabrenier.fr\/wp-content\/uploads\/2022\/09\/sarabrenier_psychophonie_prenatle_009-300x200.jpg 300w, https:\/\/www.sarabrenier.fr\/wp-content\/uploads\/2022\/09\/sarabrenier_psychophonie_prenatle_009-768x511.jpg 768w, https:\/\/www.sarabrenier.fr\/wp-content\/uploads\/2022\/09\/sarabrenier_psychophonie_prenatle_009-1536x1022.jpg 1536w, https:\/\/www.sarabrenier.fr\/wp-content\/uploads\/2022\/09\/sarabrenier_psychophonie_prenatle_009-2048x1363.jpg 2048w, https:\/\/www.sarabrenier.fr\/wp-content\/uploads\/2022\/09\/sarabrenier_psychophonie_prenatle_009-1568x1044.jpg 1568w\" sizes=\"auto, (max-width: 1024px) 100vw, 1024px\" \/><\/figure>\n\n\n\n\n\n<div style=\"height:25px\" aria-hidden=\"true\" class=\"wp-block-spacer\"><\/div>\n\n\n\n<h2 class=\"wp-block-heading\"><mark style=\"background-color:#767676\" class=\"has-inline-color has-white-color\">Chant familial<\/mark><\/h2>\n\n\n\n<p><strong><em>\u00ab&nbsp;Comme une goutte d\u2019eau creuse la pierre&#8230;les mots toujours redits ou chant\u00e9s qu\u2019aiment les petits enfants creusent en leur m\u00e9moire l\u2019habitat des plus belles festivit\u00e9s&nbsp;\u00bb ML Aucher<\/em><\/strong><\/p>\n\n\n\n<ul class=\"wp-block-list\">\n<li><strong>Partager en famille le plaisir de chanter<\/strong>. (ouvert aux parents, grands parents, oncles, tantes&#8230;et aux enfants \u00e2g\u00e9s de 0 \u00e0 6 ans)<\/li>\n\n\n\n<li><strong>Enchanter le quotidien et d\u00e9velopper un r\u00e9pertoire de tous les jours<\/strong>, au fil des saisons et des sensations, avec des comptines, chansons traditionnelles ou modernes, des jeux de doigts\u2026<\/li>\n\n\n\n<li><strong>Nourrir la relation avec son enfant<\/strong>, lui offrir un \u00ab&nbsp;cocon&nbsp;\u00bb sonore pour lui permettre de grandir et de s\u2019\u00e9panouir dans un cadre joyeux et rassurant.<\/li>\n<\/ul>\n\n\n\n<div style=\"height:27px\" aria-hidden=\"true\" class=\"wp-block-spacer\"><\/div>\n\n\n\n<p><strong><em>O\u00f9&nbsp;? Quand&nbsp;? Comment&nbsp;?<\/em><\/strong><\/p>\n\n\n\n<p>\u00c0 Oloron St Marie \u00e0 l&rsquo;association \u00ab\u00a0Son et Silence\u00a0\u00bb: (\u00e0 partir de octobre 2023)<\/p>\n\n\n\n<p>1s\u00e9ance par mois, le 3\u00e8me mercredi de 10h00 \u00e0 11h00. (les dates seront communiqu\u00e9es \u00e0 l&rsquo;avance &#8211; engagement pour 1 trimestre soit 3 s\u00e9ances ou bien \u00e0 l&rsquo;ann\u00e9e soit 9 s\u00e9ances)<\/p>\n\n\n\n<h4 class=\"wp-block-heading\">TARIF<\/h4>\n\n\n\n<p>10 \u20ac\/adulte&nbsp;+ 2\u20ac\/ enfant<\/p>\n","protected":false},"excerpt":{"rendered":"<p>Le travail vocal que je propose prend diff\u00e9rentes formes: Ateliers collectifs, s\u00e9ances d&rsquo;accompagnement individuel, chant pr\u00e9natal (et postnatal), chant familial&#8230;autant de propositions qui mettent en jeu la richesse des outils de la Psychophonie. Chant adulte &#8211; collectif \u00ab&nbsp;Notre corps est notre instrument vocal. Le corps entier est impliqu\u00e9 pour chanter !&nbsp;\u00bb objectifs des ateliers&nbsp;: Oloron &hellip; <\/p>\n<p class=\"link-more\"><a href=\"https:\/\/www.sarabrenier.fr\/?page_id=21\" class=\"more-link\">Continuer la lecture <span class=\"screen-reader-text\"> \u00ab\u00a0ATELIERS\u00a0\u00bb<\/span><\/a><\/p>\n","protected":false},"author":2,"featured_media":97,"parent":0,"menu_order":0,"comment_status":"closed","ping_status":"closed","template":"","meta":{"footnotes":""},"class_list":["post-21","page","type-page","status-publish","has-post-thumbnail","hentry","entry"],"_links":{"self":[{"href":"https:\/\/www.sarabrenier.fr\/index.php?rest_route=\/wp\/v2\/pages\/21","targetHints":{"allow":["GET"]}}],"collection":[{"href":"https:\/\/www.sarabrenier.fr\/index.php?rest_route=\/wp\/v2\/pages"}],"about":[{"href":"https:\/\/www.sarabrenier.fr\/index.php?rest_route=\/wp\/v2\/types\/page"}],"author":[{"embeddable":true,"href":"https:\/\/www.sarabrenier.fr\/index.php?rest_route=\/wp\/v2\/users\/2"}],"replies":[{"embeddable":true,"href":"https:\/\/www.sarabrenier.fr\/index.php?rest_route=%2Fwp%2Fv2%2Fcomments&post=21"}],"version-history":[{"count":20,"href":"https:\/\/www.sarabrenier.fr\/index.php?rest_route=\/wp\/v2\/pages\/21\/revisions"}],"predecessor-version":[{"id":250,"href":"https:\/\/www.sarabrenier.fr\/index.php?rest_route=\/wp\/v2\/pages\/21\/revisions\/250"}],"wp:featuredmedia":[{"embeddable":true,"href":"https:\/\/www.sarabrenier.fr\/index.php?rest_route=\/wp\/v2\/media\/97"}],"wp:attachment":[{"href":"https:\/\/www.sarabrenier.fr\/index.php?rest_route=%2Fwp%2Fv2%2Fmedia&parent=21"}],"curies":[{"name":"wp","href":"https:\/\/api.w.org\/{rel}","templated":true}]}}